{"id":124,"date":"2016-07-02T23:09:56","date_gmt":"2016-07-02T23:09:56","guid":{"rendered":"http:\/\/wordpress.gvg-heltersberg.de\/?page_id=124"},"modified":"2025-03-15T11:56:58","modified_gmt":"2025-03-15T11:56:58","slug":"impressum-2","status":"publish","type":"page","link":"https:\/\/www.gvg-heltersberg.de\/?page_id=124","title":{"rendered":"Impressum"},"content":{"rendered":"<p><span style=\"color: #000000;\">Gesangverein &#8222;Gem\u00fctlichkeit&#8220; Heltersberg e.V.<\/span><br \/>\n<span style=\"color: #000000;\"> Schulweg 5<\/span><br \/>\n<span style=\"color: #000000;\"> 67714 Waldfischbach-Burgalben<\/span><\/p>\n<ul>\n<li><span style=\"color: #000000;\">Telefon: +49 1520 8310902<\/span><br \/>\n<span style=\"color: #000000;\"> Email: nfaust@gmx.net<\/span><\/li>\n<\/ul>\n<p><span style=\"color: #000000;\">Vertreten durch die 1. Vorsitzende<\/span><br \/>\n<span style=\"color: #000000;\"> Nathalie Faust<\/span><br \/>\n<span style=\"color: #000000;\"> Schulweg 5<\/span><br \/>\n<span style=\"color: #000000;\"> 67714 Waldfischbach-Burgalben<\/span><\/p>\n<p><span style=\"color: #000000;\"><strong>Verantwortlicher gem\u00e4\u00df \u00a7 55 Abs. 2 RStV:<\/strong><\/span><br \/>\n<span style=\"color: #000000;\"> Nathalie Faust<\/span><br \/>\n<span style=\"color: #000000;\"> Schulweg 5<\/span><br \/>\n<span style=\"color: #000000;\"> 67714 Waldfischbach-Burgalben<\/span><\/p>\n<p><span style=\"color: #000000;\"><strong>Homepage verwaltet durch:<\/strong><\/span><\/p>\n<p><span style=\"color: #000000;\">Stefanie Rubeck<\/span><br \/>\n<span style=\"color: #000000;\">E-Mail: gvgheltersberg@yahoo.com<br \/>\n<\/span><\/p>\n<p><span style=\"color: #000000;\">Anregungen zur Gestaltung in Form von Bild und Textmaterial d\u00fcrfen gerne per E-Mail mitgeteilt werden<\/span><\/p>\n<div><span style=\"color: #000000;\">Mit der Nutzung unseres Seitenangebots nehmen Sie die nachstehende Datenschutzerkl\u00e4rung mit den dargestellten Vorgehen der hier benannten Dienste und Funktionen sowie unsere weiteren Hinweise zur Eingrenzung einer ungewollten \u00dcbermittlung von Informationen, als gelesen, verstanden und gegeben an.<\/span><\/div>\n<div><span style=\"color: #000000;\">Mit der weiteren Nutzung unseres Webseitenangebots erteilen Sie Ihre Erlaubnis und Zustimmung zur Datenerhebung gem\u00e4\u00df der nachstehenden Beschreibungen und Hinweise, soweit Ihre Browsereinstellungen dies zulassen oder verhindern. Auf m\u00f6gliche Datenerhebungen von<\/span><\/div>\n<div><span style=\"color: #000000;\">Drittanbietern, deren Dienste wir \u00fcber sog. Plug-Ins nutzen, weisen wir nachstehend hin und verlinken auch auf deren Datenschutzhinweise, haben allerdings auf m\u00f6gliche Datenerhebung en durch deren<\/span><\/div>\n<div><span style=\"color: #000000;\">Dienste keinen weiteren Einfluss.<\/span><\/div>\n<div><span style=\"color: #000000;\">Dies gilt insbesondere f\u00fcr Datenerhebungen via Facebook (s. Pkt. 5)<\/span><\/div>\n<div>&nbsp;<\/div>\n<div><strong><span style=\"color: #000000;\">1.Generelle Datenschutz- und Sicherheitshinweise<\/span><\/strong><\/div>\n<div><span style=\"color: #000000;\">Wir nehmen das Thema Datenschutz ernst und versichern hiermit, dass wir uns zug\u00e4ngliche Daten der Website nur anonym erhalten, ohne den Benutzer der Seite pers\u00f6nlich zu identifizieren. Anhand<\/span><\/div>\n<div><span style=\"color: #000000;\">einer serverseitig \u00fcbertragenen IP-Adresse ist uns eine personalisierte<\/span><\/div>\n<div><span style=\"color: #000000;\">Identifizierung nicht m\u00f6glich, dies liegt auch NIEMALS in unserer Absicht.<\/span><\/div>\n<div><span style=\"color: #000000;\">Es ist nicht Sinn und Zweck dieser Website Daten zu sammeln und auszuwerten.<\/span><\/div>\n<div><span style=\"color: #000000;\">Es werden KEINE personalisierten Nutzerprofile durch uns erstellt. Eine gezielte Datenspeicherung und -auswertung findet auf unseren Servern nicht statt.<\/span><\/div>\n<div><span style=\"color: #000000;\">Die f\u00fcr uns einsehbaren Daten haben rein informativen Charakter. Der Datenschutz zu dieser Seite basiert auf und unterliegt deutschem und europ\u00e4ischem Recht (BDSG\/TMG\/EU-DSGVO).<\/span><\/div>\n<div><span style=\"color: #000000;\">Wir gehen verantwortungsvoll mit Ihren pers\u00f6nlichen Daten um und informieren deshalb an dieser Stelle, dass Ihre personenbezogenen Daten unter Beachtung der geltenden nationalen und europ\u00e4ischen Datenschutzvorschriften erhoben, verarbeitet, genutzt und weitergeleitet werden.<\/span><\/div>\n<div><span style=\"color: #000000;\">Wir und die ggf. mit der Durchf\u00fchrung von Bestellungen \/Auftragsdurchf\u00fchrung beauftragten Vertragspartner wahren die Vertraulichkeit der Daten und werden diese nicht verkaufen,<\/span><\/div>\n<div><span style=\"color: #000000;\">vermieten oder auf andere Weise Dritten verf\u00fcgbar machen.<\/span><\/div>\n<div><span style=\"color: #000000;\">Personenbezogene Daten werden von uns &#8211; soweit dies nicht zur Erf\u00fcllung von mit dem Nutzer geschlossenen Vertr\u00e4gen oder Mitgliedschaften oder zur Erledigung einer Anfrage durch den Nutzer erforderlich ist &#8211; und vorbehaltlich der nachstehenden Abs\u00e4tze, nur erhoben, in Kunden-<\/span><\/div>\n<div><span style=\"color: #000000;\">Datenbanken gespeichert bzw. an Dritte \u00fcbermittelt, wenn Sie Ihre ausdr\u00fcckliche Einwilligung dazu erteilen. Hierf\u00fcr haben Sie dort wo personenbezogene Daten abgerufen werden, die M\u00f6glichkeit, Ihre ausdr\u00fcckliche Einverst\u00e4ndniserkl\u00e4rung abzugeben.<\/span><\/div>\n<div class=\"canvasWrapper\"><span style=\"color: #000000;\">Wir verwenden keine Kontaktformulare oder G\u00e4steb\u00fccher.<\/span><\/div>\n<div>&nbsp;<\/div>\n<div><strong><span style=\"color: #000000;\">1.1 Datenweitergabe an Dritte<\/span><\/strong><\/div>\n<div><span style=\"color: #000000;\">Personenbezogene Daten werden von uns vertraulich behandelt und ohne Ihre Zustimmung nicht an Dritte weitergegeben, es sei denn, dies ist-<\/span><br \/>\n<span style=\"color: #000000;\">&#8211; zur Durchf\u00fchrung der angebotenen Dienstleistung erforderlich,<\/span><\/div>\n<div><span style=\"color: #000000;\">&#8211; auch ohne Ihre Zustimmung gesetzlich ausdr\u00fccklich erlaubt oder<\/span><\/div>\n<div><span style=\"color: #000000;\">&#8211; aufgrund einer gerichtlichen oder beh\u00f6rdlichen Aufforderung erforderlich.<\/span><\/div>\n<div><span style=\"color: #000000;\">Im Rahmen der Auftragsdurchf\u00fchrung geben wir ggfs. zur Auftragserf\u00fcllung notwendige Daten innerhalb der Verbandsstruktur im Chorverband Rheinland-Pfalz weiter. Die Daten werden jedoch unmittelbar nach erfolgreicher Auftragsdurchf\u00fchrung gel\u00f6scht, gem. dem mit den Organisationen abgeschlossenen Vertrag zur Auftragsdatenverarbeitung.<\/span><\/div>\n<div>&nbsp;<\/div>\n<div>&nbsp;<\/div>\n<div><strong><span style=\"color: #000000;\">1.2 Recht auf Auskunft\/Sperrung\/L\u00f6schung<\/span><\/strong><\/div>\n<div><span style=\"color: #000000;\">Sie k\u00f6nnen als Nutzer die Nutzung der Internetseite jederzeit beenden.<\/span><\/div>\n<div><span style=\"color: #000000;\">Sie k\u00f6nnen jederzeit verlangen, dass ihre personenbezogenen Daten gel\u00f6scht oder gesperrt bzw. ein evtl. bestehender Account gel\u00f6scht oder deaktiviert wird.<\/span><\/div>\n<div><span style=\"color: #000000;\">Sie haben au\u00dferdem jederzeit das Recht auf unentgeltliche Auskunft \u00fcber Ihre gespeicherten personenbezogenen Daten, deren Herkunft und Empf\u00e4nger und den Zweck der Datenverarbeitung.<\/span><\/div>\n<div><span style=\"color: #000000;\">Wir sind gerne bereit diesem Recht nachzukommen, soweit dies f\u00fcr uns ohne gro\u00dfen Aufwand nachvollziehbar und rekonstruierbar ist. Zu weiteren Fragen zum Thema personenbezogene Daten k\u00f6nnen Sie sich jederzeit an uns wenden.<\/span><\/div>\n<div>&nbsp;<\/div>\n<div>&nbsp;<\/div>\n<div><strong><span style=\"color: #000000;\">1.3 Hinweise zu nutzerseitigen Datenschutzma\u00dfnahmen<\/span><\/strong><\/div>\n<div><span style=\"color: #000000;\">Das k\u00f6nnen Sie im Vorfeld unternehmen:<\/span><\/div>\n<div><span style=\"color: #000000;\">Wenn Sie ein generelles Datentracking verhindern m\u00f6chten,<\/span><\/div>\n<div><span style=\"color: #000000;\">stehen Ihnen Browsertools\/-plugins wie z.B. AnonymoX oder aber das Tor-Netzwerk zur Verf\u00fcgung, deren Nutzung wir dann ausdr\u00fccklich empfehlen. Im Weiteren empfehlen wir die Sicherheitseinstellungen Ihres Browsers anzupassen, in dem Sie z.B. das Setzen von Cookies generell ausschlie\u00dfen, zus\u00e4tzlich das L\u00f6schen von Cookies in den Browsereinstellungen beim jeweiligen Beenden des Browserprogramms veranlassen oder, sofern Ihr Browser dies zul\u00e4sst, f\u00fcr den Aufruf unserer Seite das Surfen im &#8222;privaten<\/span><\/div>\n<div><span style=\"color: #000000;\">bzw. Inkognito- oder VPN-Modus &#8220; (Browserabh\u00e4ngig) aktivieren. Weitere Informationen hierzu entnehmen Sie bitte der Online-Hilfe im Browser oder den Seiten des Browserherstellers.<\/span><\/div>\n<div>&nbsp;<\/div>\n<div><strong><span style=\"color: #000000;\">2. Server-Log- Files<\/span><\/strong><\/div>\n<div><span style=\"color: #000000;\">Aus vor allem sicherheitstechnischen Gr\u00fcnden speichert der Serverdienstleister Informationen in so genannten Server-Log Files, die Ihr Browser automatisch \u00fcbermittelt. Eine nutzerseitige Unterdr\u00fcckung<\/span><\/div>\n<div><span style=\"color: #000000;\">der \u00dcbermittlung dieser Referrer-informationen ist in den g\u00e4ngigen Browsern nicht m\u00f6glich. Ermittelt werden:<\/span><\/div>\n<div><span style=\"color: #000000;\">&#8211; Browsertyp und Browserversion<\/span><\/div>\n<div><span style=\"color: #000000;\">&#8211; verwendetes Betriebssystem<\/span><\/div>\n<div><span style=\"color: #000000;\">&#8211; Referrer-URL (URL, die zum Server gef\u00fchrt hat)<\/span><\/div>\n<div><span style=\"color: #000000;\">&#8211; Hostname des zugreifenden Rechners (soweit \u00fcbermittelt)<\/span><\/div>\n<div>&nbsp;<\/div>\n<div><span style=\"color: #000000;\">Uhrzeit der Serveranfrage<\/span><\/div>\n<div><span style=\"color: #000000;\">Dies sind keine personenbezogenen Daten. Es ist uns also nicht m\u00f6glich, die erfassten Daten einer bestimmten nat\u00fcrlichen Person zuzuordnen.<\/span><\/div>\n<div>&nbsp;<\/div>\n<div><strong><span style=\"color: #000000;\">3. Cookies<\/span><\/strong><\/div>\n<div><span style=\"color: #000000;\">Zur Funktionsverbesserung unserer Webseite und zur komfortableren Nutzung unserer Seite f\u00fcr Sie setzen wir so genannte \u201eCookies\u201c ein. Mit deren Hilfe werden beim Aufruf unserer Seite Daten auf IHREM<\/span><\/div>\n<div><span style=\"color: #000000;\">Rechner gespeichert.<\/span><\/div>\n<div><span style=\"color: #000000;\">Hinweis: Sie k\u00f6nnen die Speicherung der Cookies durch eine entsprechende Einstellung Ihrer Browser-Software verhindern (s. 1.3) ; wir weisen Sie jedoch darauf hin, dass Sie in diesem Fall gegebenenfalls nicht s\u00e4mtliche Funktionen dieser Website vollumf\u00e4nglich nutzen k\u00f6nnen.<\/span><\/div>\n<div><span style=\"color: #000000;\">Cookies sind kleine Textdateien, welche die Benutzung unserer Online-Angebote erleichtern, indem wir einen Nutzer als solchen wiedererkennen. Die von uns verwendeten Cookies erheben und verarbeiten<\/span><\/div>\n<div><span style=\"color: #000000;\">jedoch keinerlei personenspezifischen Informationen, so dass Ihre Privatsph\u00e4re gesch\u00fctzt bleibt. Sie erheben weder Ihre Mail-Adresse noch sonstige Merkmale (auch keine Informationen \u00fcber Ihre IP-<\/span><\/div>\n<div><span style=\"color: #000000;\">Adresse(n)), anhand derer wir Sie identifizieren k\u00f6nnten. F\u00fcr den Fall, dass wir auf sonstige Weise entweder aufgrund Ihrer ausdr\u00fccklichen Einwilligung oder eines gesetzlichen Erlaubnistatbestandes<\/span><\/div>\n<div><span style=\"color: #000000;\">personenbezogene Daten \u00fcber Sie erheben, verarbeiten oder nutzen, werden diese personenbezogenen Daten nicht mit den \u00fcber Cookies gesammelten, nicht personenbezogenen Daten zusammengef\u00fchrt.<\/span><\/div>\n<div><span style=\"color: #000000;\">Sie haben die M\u00f6glichkeit, das Abspeichern von Cookies auf Ihrem Rechner durch entsprechende Einstellungen in Ihrem Browser ganz zu verhindern oder aber z.B. die \u201eCookies\u201c erst nach jedem Schlie\u00dfen des Browsers auf Ihrem Rechner zu l\u00f6schen. Wie Sie im einzelnen Cookies blockieren, ist abh\u00e4ngig von dem von Ihnen verwendeten Browser. Rufen Sie die Hilfe-Funktion oder das entsprechende Men\u00fc Ihres Browsers auf, um weitere Informationen zu erhalten.<\/span><\/div>\n<div><span style=\"color: #000000;\">Durch ein generelles Verhindern von \u201eCookies\u201c k\u00f6nnte allerdings der Funktionsumfang unserer und der Angebote anderer Anbieter eingeschr\u00e4nkt werden.<\/span><\/div>\n<div>&nbsp;<\/div>\n<div><strong><span style=\"color: #000000;\">4.&nbsp; Wir verwenden keine Google Dienste und Programme<\/span><\/strong><\/div>\n<div class=\"page\" data-page-number=\"6\" data-loaded=\"true\">\n<div class=\"canvasWrapper\">&nbsp;<\/div>\n<\/div>\n<div><span style=\"color: #000000;\">5. <strong>Generelle Datenschutzerl\u00e4uterung zu Social-Media PlugIns<\/strong> wie z.B.<\/span><\/div>\n<div><span style=\"color: #000000;\">facebook, LinkedIn, Twitter, Instagram, Picasa, YouTube, Google+<\/span><\/div>\n<div><span style=\"color: #000000;\">(hier beispielhaft facebook)<\/span><\/div>\n<div><span style=\"color: #000000;\">5.1 HINWEIS: Wenn Sie nicht w\u00fcnschen, dass Facebook oder eine andere Social Media Plattform den Besuch unserer Seiten Ihrem Nutzerkonto zuordnen kann, loggen Sie sich bitte vor dem Besuch unserer<\/span><\/div>\n<div><span style=\"color: #000000;\">Seiten aus Ihrem Social-Media-Benutzerkonto aus und l\u00f6schen Sie anschlie\u00dfend \u00fcber Ihre Browsereinstellungen das\/die Facebook-Cookie\/s (s. Pkt. 1.3)<\/span><\/div>\n<div><span style=\"color: #000000;\">Um weitere Leistungen der Website zu nutzen, ist es Ihnen eventuell m\u00f6glich sich einfach mit Ihrem Social-Media-Account auf der Seite anmelden.<\/span><\/div>\n<div><span style=\"color: #000000;\">Wir empfehlen aber insbesondere die M\u00f6glichkeit einer gesonderten Registrierung mit individuellem Nutzernamen und Passwort f\u00fcr diese Seiten zu nutzen.<\/span><\/div>\n<div><span style=\"color: #000000;\">Auf unseren Seiten sind eventuell sogenannte Social-Media-Plugins (wie z.B. des sozialen Netzwerks Facebook, 1601 South California Avenue, Palo Alto, CA 94304, USA), sichtbar integriert oder Sie k\u00f6nnen Sich, zu entsprechenden Leistungen der Website zu nutzen, mit Ihrem Social-Media-Account auf der Seite anmelden.<\/span><\/div>\n<div><span style=\"color: #000000;\">Wir empfehlen die Registrierung mit individuellem Nutzernamen und Passwort f\u00fcr diese Seite.<\/span><\/div>\n<div><span style=\"color: #000000;\">Die Plugins erkennen Sie an den Logos, oder insbesondere bei facebook, dem &#8222;Like-Button (&#8222;Gef\u00e4llt mir\u201c) auf unserer Seite. Wenn Sie den Facebook \u201eLike-Button\u201c anklicken, w\u00e4hrend Sie in Ihrem Facebook-Account eingeloggt sind, k\u00f6nnen Sie die Inhalte unserer Seiten auf Ihrem Facebook-Profil verlinken.<\/span><\/div>\n<div><span style=\"color: #000000;\">Dadurch kann Facebook den Besuch unserer Seiten Ihrem Benutzerkonto zuordnen. Wenn Sie mit Ihrem Konto bei facebook weiter angemeldet bleiben und unsere sowie weitere Seiten besuchen, wird u.U. \u00fcber<\/span><\/div>\n<div><span style=\"color: #000000;\">das Plugin eine direkte Verbindung zwischen Ihrem Browser und dem Facebook-Server hergestellt.<\/span><\/div>\n<div><span style=\"color: #000000;\">Facebook erh\u00e4lt dadurch die Information, dass Sie mit Ihrer IP-Adresse unsere Seite besucht haben.<\/span><\/div>\n<div><span style=\"color: #000000;\">Wir weisen darauf hin, dass wir als Anbieter der Seiten keine Kenntnis vom Inhalt der \u00fcbermittelten Daten sowie deren Nutzung durch Facebook erhalten. Weitere Informationen hierzu finden Sie in der Datenrichtlinie von facebook.<\/span><\/div>\n<div><span style=\"color: #000000;\">der von Twitter:<\/span><\/div>\n<div><span style=\"color: #000000;\">https:\/\/twitter.com\/de\/privacy<\/span><\/div>\n<div><span style=\"color: #000000;\">der von Google+\/YouTube:<\/span><\/div>\n<div><span style=\"color: #000000;\">https:\/\/policies.google.com\/privacy<\/span><\/div>\n<div>&nbsp;<\/div>\n<div><strong><span style=\"color: #000000;\">6. Wir nutzen keine SSL-Verschl\u00fcsselung<\/span><\/strong><\/div>\n<div>&nbsp;<\/div>\n","protected":false},"excerpt":{"rendered":"<p>Gesangverein &#8222;Gem\u00fctlichkeit&#8220; Heltersberg e.V. Schulweg 5 67714 Waldfischbach-Burgalben Telefon: +49 1520 8310902 Email: nfaust@gmx.net Vertreten durch die 1. Vorsitzende Nathalie Faust Schulweg 5 67714 Waldfischbach-Burgalben Verantwortlicher gem\u00e4\u00df \u00a7 55 Abs. 2 RStV: Nathalie Faust Schulweg 5 67714 Waldfischbach-Burgalben Homepage verwaltet durch: Stefanie Rubeck E-Mail: gvgheltersberg@yahoo.com Anregungen zur Gestaltung in Form von Bild und Textmaterial d\u00fcrfen [&hellip;]<\/p>\n","protected":false},"author":1,"featured_media":0,"parent":0,"menu_order":80,"comment_status":"closed","ping_status":"closed","template":"","meta":{"ngg_post_thumbnail":0,"footnotes":"","_links_to":"","_links_to_target":""},"_links":{"self":[{"href":"https:\/\/www.gvg-heltersberg.de\/index.php?rest_route=\/wp\/v2\/pages\/124"}],"collection":[{"href":"https:\/\/www.gvg-heltersberg.de\/index.php?rest_route=\/wp\/v2\/pages"}],"about":[{"href":"https:\/\/www.gvg-heltersberg.de\/index.php?rest_route=\/wp\/v2\/types\/page"}],"author":[{"embeddable":true,"href":"https:\/\/www.gvg-heltersberg.de\/index.php?rest_route=\/wp\/v2\/users\/1"}],"replies":[{"embeddable":true,"href":"https:\/\/www.gvg-heltersberg.de\/index.php?rest_route=%2Fwp%2Fv2%2Fcomments&post=124"}],"version-history":[{"count":14,"href":"https:\/\/www.gvg-heltersberg.de\/index.php?rest_route=\/wp\/v2\/pages\/124\/revisions"}],"predecessor-version":[{"id":2813,"href":"https:\/\/www.gvg-heltersberg.de\/index.php?rest_route=\/wp\/v2\/pages\/124\/revisions\/2813"}],"wp:attachment":[{"href":"https:\/\/www.gvg-heltersberg.de\/index.php?rest_route=%2Fwp%2Fv2%2Fmedia&parent=124"}],"curies":[{"name":"wp","href":"https:\/\/api.w.org\/{rel}","templated":true}]}}