{"id":63,"date":"2016-06-30T08:30:57","date_gmt":"2016-06-30T08:30:57","guid":{"rendered":"http:\/\/wordpress.gvg-heltersberg.de\/?page_id=63"},"modified":"2021-11-15T10:10:52","modified_gmt":"2021-11-15T10:10:52","slug":"corleiterin","status":"publish","type":"page","link":"https:\/\/www.gvg-heltersberg.de\/?page_id=63","title":{"rendered":"Chorleitung"},"content":{"rendered":"<p>&nbsp;<\/p>\n<table>\n<tbody>\n<tr>\n<td><img loading=\"lazy\" decoding=\"async\" class=\"size-medium wp-image-1729 aligncenter\" src=\"http:\/\/wordpress.gvg-heltersberg.de\/wp-content\/uploads\/2021\/07\/Willkommen-Wolf-300x284.png\" alt=\"\" width=\"300\" height=\"284\" srcset=\"https:\/\/www.gvg-heltersberg.de\/wp-content\/uploads\/2021\/07\/Willkommen-Wolf-300x284.png 300w, https:\/\/www.gvg-heltersberg.de\/wp-content\/uploads\/2021\/07\/Willkommen-Wolf-1024x968.png 1024w, https:\/\/www.gvg-heltersberg.de\/wp-content\/uploads\/2021\/07\/Willkommen-Wolf-768x726.png 768w, https:\/\/www.gvg-heltersberg.de\/wp-content\/uploads\/2021\/07\/Willkommen-Wolf-1536x1452.png 1536w, https:\/\/www.gvg-heltersberg.de\/wp-content\/uploads\/2021\/07\/Willkommen-Wolf.png 1629w\" sizes=\"(max-width: 300px) 100vw, 300px\" \/><\/p>\n<ul>\n<li>seit Oktober 2021 Pr\u00e4sident des Chorverbandes der Pfalz<\/li>\n<li>Verbandschorleiter f\u00fcr Erwachsenench\u00f6re<\/li>\n<li>immer gut gelaunt, mit vollem Einsatz dabei und f\u00fcr alles offen!<\/li>\n<\/ul>\n<\/td>\n<\/tr>\n<\/tbody>\n<\/table>\n<p>&nbsp;<\/p>\n","protected":false},"excerpt":{"rendered":"<p>&nbsp; seit Oktober 2021 Pr\u00e4sident des Chorverbandes der Pfalz Verbandschorleiter f\u00fcr Erwachsenench\u00f6re immer gut gelaunt, mit vollem Einsatz dabei und f\u00fcr alles offen! &nbsp;<\/p>\n","protected":false},"author":1,"featured_media":0,"parent":0,"menu_order":50,"comment_status":"closed","ping_status":"closed","template":"","meta":{"ngg_post_thumbnail":0,"footnotes":"","_links_to":"","_links_to_target":""},"_links":{"self":[{"href":"https:\/\/www.gvg-heltersberg.de\/index.php?rest_route=\/wp\/v2\/pages\/63"}],"collection":[{"href":"https:\/\/www.gvg-heltersberg.de\/index.php?rest_route=\/wp\/v2\/pages"}],"about":[{"href":"https:\/\/www.gvg-heltersberg.de\/index.php?rest_route=\/wp\/v2\/types\/page"}],"author":[{"embeddable":true,"href":"https:\/\/www.gvg-heltersberg.de\/index.php?rest_route=\/wp\/v2\/users\/1"}],"replies":[{"embeddable":true,"href":"https:\/\/www.gvg-heltersberg.de\/index.php?rest_route=%2Fwp%2Fv2%2Fcomments&post=63"}],"version-history":[{"count":36,"href":"https:\/\/www.gvg-heltersberg.de\/index.php?rest_route=\/wp\/v2\/pages\/63\/revisions"}],"predecessor-version":[{"id":1850,"href":"https:\/\/www.gvg-heltersberg.de\/index.php?rest_route=\/wp\/v2\/pages\/63\/revisions\/1850"}],"wp:attachment":[{"href":"https:\/\/www.gvg-heltersberg.de\/index.php?rest_route=%2Fwp%2Fv2%2Fmedia&parent=63"}],"curies":[{"name":"wp","href":"https:\/\/api.w.org\/{rel}","templated":true}]}}